{"id":4606,"date":"2012-01-31T14:53:38","date_gmt":"2012-01-31T14:53:38","guid":{"rendered":"https:\/\/wolney.com.br\/migra\/?page_id=13"},"modified":"2023-09-07T19:26:22","modified_gmt":"2023-09-07T22:26:22","slug":"hitorico","status":"publish","type":"page","link":"https:\/\/www.sinticom-tap.com.br\/portal\/o-sindicato\/hitorico\/","title":{"rendered":"Hist\u00f3rico"},"content":{"rendered":"\t\t<div data-elementor-type=\"wp-page\" data-elementor-id=\"4606\" class=\"elementor elementor-4606\" data-elementor-post-type=\"page\">\n\t\t\t\t<div class=\"elementor-element elementor-element-47e40a7 e-flex e-con-boxed e-con e-parent\" data-id=\"47e40a7\" data-element_type=\"container\">\n\t\t\t\t\t<div class=\"e-con-inner\">\n\t\t\t\t<div class=\"elementor-element elementor-element-dab575a elementor-widget elementor-widget-image\" data-id=\"dab575a\" data-element_type=\"widget\" data-widget_type=\"image.default\">\n\t\t\t\t<div class=\"elementor-widget-container\">\n\t\t\t\t\t\t\t\t\t\t\t\t\t\t\t<img fetchpriority=\"high\" decoding=\"async\" width=\"900\" height=\"506\" src=\"https:\/\/www.sinticom-tap.com.br\/portal\/wp-content\/uploads\/2023\/09\/Sinticom-tap-1024x576.jpg\" class=\"attachment-large size-large wp-image-5917\" alt=\"\" srcset=\"https:\/\/www.sinticom-tap.com.br\/portal\/wp-content\/uploads\/2023\/09\/Sinticom-tap-1024x576.jpg 1024w, https:\/\/www.sinticom-tap.com.br\/portal\/wp-content\/uploads\/2023\/09\/Sinticom-tap-300x169.jpg 300w, https:\/\/www.sinticom-tap.com.br\/portal\/wp-content\/uploads\/2023\/09\/Sinticom-tap-768x432.jpg 768w, https:\/\/www.sinticom-tap.com.br\/portal\/wp-content\/uploads\/2023\/09\/Sinticom-tap-1536x864.jpg 1536w, https:\/\/www.sinticom-tap.com.br\/portal\/wp-content\/uploads\/2023\/09\/Sinticom-tap.jpg 1920w\" sizes=\"(max-width: 900px) 100vw, 900px\" \/>\t\t\t\t\t\t\t\t\t\t\t\t\t\t\t<\/div>\n\t\t\t\t<\/div>\n\t\t\t\t\t<\/div>\n\t\t\t\t<\/div>\n\t\t\t\t<section class=\"elementor-section elementor-top-section elementor-element elementor-element-3e995597 elementor-section-boxed elementor-section-height-default elementor-section-height-default\" data-id=\"3e995597\" data-element_type=\"section\">\n\t\t\t\t\t\t<div class=\"elementor-container elementor-column-gap-default\">\n\t\t\t\t\t<div class=\"elementor-column elementor-col-100 elementor-top-column elementor-element elementor-element-3c9051ad\" data-id=\"3c9051ad\" data-element_type=\"column\">\n\t\t\t<div class=\"elementor-widget-wrap elementor-element-populated\">\n\t\t\t\t\t\t<div class=\"elementor-element elementor-element-67a7d493 elementor-widget elementor-widget-text-editor\" data-id=\"67a7d493\" data-element_type=\"widget\" data-widget_type=\"text-editor.default\">\n\t\t\t\t<div class=\"elementor-widget-container\">\n\t\t\t\t\t\t\t\t\t<p><em>\u201cDo rio que tudo arrasta dizem violento,<br \/>mas nada falam das margens que o comprimem!\u201d<\/em><\/p><p>O SINTICOM-TAP \u2013 SINDICATO DOS TRABALHADORES<br \/>NAS IND\u00daSTRIAS DA CONSTRU\u00c7\u00c3O E DO MOBILI\u00c1RIO DE UBERL\u00c2NDIA TRI\u00c2NGULO MINEIRO E ALTO PARANA\u00cdBA, com sede e Foro na cidade de Uberl\u00e2ndia, Estado de Minas Gerais na Rua M\u00e9xico n\u00ba 77, foi constitu\u00eddo conforme estabelece a legisla\u00e7\u00e3o em vigor, ainda em 1949. Sua Carta Sindical junto ao Departamento Nacional do Trabalho com n\u00ba 715.859. Foi reconhecida em 24 de abril de 1954, registrada no livro 22, fls. 76, com protocolo atualizado do Exmo. Sr. Ministro Dr. Walter Barelli n\u00ba 46010-000852\/93 de 16 de fevereiro de 1993, com registros de n\u00ba 75011, no livro A, n\u00ba 7, sob o n\u00ba 4429 (2634), de 11 de agosto de 1998, que referendou e retificou o registro de n\u00ba 2634, de 28 de abril de 1992 e re- ratificante do registro n\u00ba 99.525, do livro A, n\u00ba 9, de 16 de janeiro de 1991, tudo arquivado no Servi\u00e7o Registral de T\u00edtulos e Documentos e de Registros Civil de Pessoas Jur\u00eddicas da Comarca de Uberl\u00e2ndia.<\/p><p>\u00c9 uma entidade civil sindical de finalidade social, sem fins lucrativos.<\/p><p>O SINTICOM-TAP tem como prop\u00f3sitos e atribui\u00e7\u00f5es estatut\u00e1rias, a defesa e orienta\u00e7\u00e3o dos trabalhadores da categoria profissional dos empregados em empresas de constru\u00e7\u00e3o civil, em empresas de constru\u00e7\u00e3o em geral e em empresas do mobili\u00e1rio de Uberl\u00e2ndia, Tri\u00e2ngulo Mineiro e Alto Parana\u00edba, atendendo as seguintes finalidades e objetivos:<\/p><p>&#8211; Conscientizar, orientar e educar os trabalhadores acerca de seis direitos e deveres;<br \/>&#8211; Fiscalizar as pol\u00edticas p\u00fablicas e privadas de trabalho e emprego;<br \/>&#8211; Defender os interesses dos associados em ju\u00edzo e fora dele;<br \/>&#8211; Discutir com diversos setores da sociedade alternativas para a melhoria do trabalho e emprego na \u00e1rea da constru\u00e7\u00e3o e do mobili\u00e1rio. Exigindo,\u00a0 quando necess\u00e1rio, a\u00a0\u00a0\u00a0\u00a0\u00a0\u00a0\u00a0\u00a0\u00a0\u00a0 responsabilidade\u00a0do poder p\u00fablico.<br \/>&#8211; Qualificar e capacitar trabalhadores nas \u00e1reas t\u00e9cnicas de sua responsabilidade<br \/>&#8211; Desenvolver projetos nas \u00e1reas de qualifica\u00e7\u00e3o e requalifica\u00e7\u00e3o profissional<br \/>&#8211; Manter corpo docente t\u00e9cnico, instrutores, coordenadores para fins de qualifica\u00e7\u00e3o e requalifica\u00e7\u00e3o profissional<br \/>&#8211; Visar melhorias nas condi\u00e7\u00f5es de vida e de Trabalho para os trabalhadores, coordenando, orientando, dirigindo e protegendo a base de estudos sobre suas necessidades, interesses profissionais e sociais<br \/>&#8211; Colaborar com as demais Associa\u00e7\u00f5es de Classe visando \u00e0 solidariedade social<\/p><p>Atua contra todo e qualquer ato que, de alguma forma, venha a agredir, intimidar ou restringir o trabalhador abrangido pelas normas estatut\u00e1rias, como indiv\u00edduo ou coletividade, em suas rela\u00e7\u00f5es com o meio social, em seu direito \u00e0 liberdade, igualdade, educa\u00e7\u00e3o, sa\u00fade, meio ambiente, patrim\u00f4nio, emprego, entre outros, visando ainda a conscientiza\u00e7\u00e3o, educa\u00e7\u00e3o do trabalhador.<\/p><p>Nestes\u00a060 anos de exist\u00eancia a entidade alcan\u00e7ou importantes resultados em prol dos seus trabalhadores e da cidadania, quer seja atrav\u00e9s de campanhas p\u00fablicas ou de a\u00e7\u00f5es jur\u00eddicas, bem como atrav\u00e9s de conven\u00e7\u00f5es ou acordos coletivos e interc\u00e2mbio de informa\u00e7\u00f5es com outras entidades do Brasil.<\/p><p>Para preservar sua liberdade e independ\u00eancia o SINTICOM-TAP n\u00e3o aceita contribui\u00e7\u00f5es financeiras de empresas ou governo, mantendo-se com as contribui\u00e7\u00f5es de sua categoria e associados, ou programas oficiais que n\u00e3o comprometam sua forma de agir. N\u00e3o tendo qualquer comprometimento com, convic\u00e7\u00f5es pol\u00edticas, partid\u00e1rias e religiosas.<\/p><p>Fazer parte do SINTICOM-TAP \u00e9 ter Assist\u00eancia Jur\u00eddica especializada em causas c\u00edveis e trabalhistas.<\/p><p>Assessoria e orienta\u00e7\u00e3o nas rescis\u00f5es e homologa\u00e7\u00f5es trabalhistas.<\/p><p>Conv\u00eanios com \u00e1reas m\u00e9dicas, laboratoriais, comerciais e de servi\u00e7os.<\/p><p>Acesso f\u00e1cil e atendimento odontol\u00f3gico preventivo e corretivo.<\/p><p>Sal\u00e3o de cabeleireiro unisex, com profissional qualificado.<\/p><p>COMPOSI\u00c7\u00c3O DA ATUAL DIRETORIA<\/p><p>DIRETORIA EXECUTIVA<\/p><p>7 MEMBROS<\/p><p>SUPLENTES DA DIRETORIA:<\/p><p>7 MEMBROS<\/p><p>CONSELHO FISCAL:<\/p><p>3 MEMBROS<\/p><p>SUPLENTES DO CONSELHO FISCAL:<\/p><p>3 MEMBROS<\/p><p>CONSELHO DE REPRESENTANTES JUNTO A FEDERA\u00c7\u00c3O:<\/p><p>2 MEMBROS<\/p><p>SUPLENTES DE REPRESENTANTES JUNTO A FEDERA\u00c7\u00c3O:<\/p><p align=\"justify\">2 MEMBROS<\/p><p>O nascimento do SINTICOM-TAP \u2013 SINDICATO DOS TRABALHADORES NAS IND\u00daSTRIAS DA CONSTRU\u00c7\u00c3O E DO MOBILI\u00c1RIO DE UBERL\u00c3NDIA TRI\u00c3NGULO MINEIRO E ALTO PARANA\u00cdBA se deu por for\u00e7a da constata\u00e7\u00e3o na pr\u00e1tica de casos extremos de viola\u00e7\u00e3o de direitos dos trabalhadores na constru\u00e7\u00e3o civil, quando eram obrigados a realizarem grandes edifica\u00e7\u00f5es colocando suas vidas em s\u00e9rio risco, dada a aus\u00eancia de equipamentos de seguran\u00e7a e sua obrigatoriedade.<\/p><p>Atualmente o SINTICOM-TAP \u2013 SINDICATO DOS TRABALHADORES NAS IND\u00daSTRIAS DA CONSTRU\u00c7\u00c3O E DO MOBILI\u00c1RIO DE UBERL\u00c2NDIA TRI\u00c2NGULO MINEIRO E ALTO PARANA\u00cdBA representa legalmente a categoria profissional dos empregados em empresas de constru\u00e7\u00e3o civil, em empresas de constru\u00e7\u00e3o em geral e em empresas do mobili\u00e1rio de Uberl\u00e2ndia, Tri\u00e2ngulo Mineiro e Alto Parana\u00edba abrangendo: constru\u00e7\u00e3o civil, montagens ind\u00fastria, engenharia consultiva, olaria, ind\u00fastria de cimento, cal, gesso, ladrilhos, hidr\u00e1ulicos, produtos de cimento, cer\u00e2mica, m\u00e1rmores, granitos, pinturas, decora\u00e7\u00f5es, ornatos, serrarias, carpintarias, tornearias, madeira, junco, vassoura, escovas, pinc\u00e9is, cortinados, artefatos de cimento armado, el\u00e9tricas, hidr\u00e1ulica, refrat\u00e1rios, de acordo publica\u00e7\u00e3o DOU do dia 10\/05\/2013 pelo MTE.<\/p><p>Sua \u00e1rea territorial abrange as cidade de <strong> Abadia dos Dourados, Araguari, Arapor\u00e3, Can\u00e1polis, Carneirinho, Centralina, Cascalho Rico, Douradoquara, Estrela do Sul, Fronteira, Frutal, Grupiara, Ira\u00ed de Minas, Itapagipe, Iturama, Limeira do Oeste, Monte Alegre de Minas, Nova Ponte, Perdizes, Pedrin\u00f3polis, Romaria, Santa Juliana, Tupaciguara, Uni\u00e3o de Minas, Uberl\u00e2ndia<\/strong>, e todos respectivos distritos, no Estado de Minas Gerais.<\/p><p>Sindicato dos Trabalhadores nas Ind\u00fastrias da Constru\u00e7\u00e3o e do Mobili\u00e1rio de Uberl\u00e2ndia, Tri\u00e2ngulo Mineiro e Alto Parana\u00edba &#8211; 59 anos<\/p><p>\u00b7\u00a0\u00a0\u00a0\u00a0\u00a0\u00a0\u00a0\u00a0 Sede: Rua M\u00e9xico, 77, bairro Bom Jesus \u2013 Uberl\u00e2ndia \u2013 MG<\/p><p>\u00b7\u00a0\u00a0\u00a0\u00a0\u00a0\u00a0\u00a0\u00a0 Subsede: Av. Cel. Teodolino Pereira de Ara\u00fajo, 1273 sala 204, centro \u2013 Araguari \u2013 MG<\/p><p>Subsede: Av. Campinas Verde, 1282 sala 201, centro &#8211; Iturama &#8211; MG<\/p><p>\u00b7\u00a0\u00a0\u00a0\u00a0\u00a0\u00a0\u00a0\u00a0 Hoje negocia com mais de 10 (dez) categorias econ\u00f4micas \u2013 conven\u00e7\u00e3o coletiva<\/p><p>\u00b7\u00a0\u00a0\u00a0\u00a0\u00a0\u00a0\u00a0\u00a0 Mais de 08 (oito) acordos coletivos com empresas de nossa categoria<\/p><p>\u00b7\u00a0\u00a0\u00a0\u00a0\u00a0\u00a0\u00a0\u00a0 Dentro dos acordos assegura os direitos como: Seconci &#8211; Servi\u00e7o Social da Ind\u00fastria da Constru\u00e7\u00e3o Civil \u2013 atendimento m\u00e9dico odontol\u00f3gico gratuito ao trabalhador<\/p><p>\u00b7\u00a0\u00a0\u00a0\u00a0\u00a0\u00a0\u00a0\u00a0\u00a0Gera mais de 09 (nove) empregos diretos<\/p><p>\u00b7\u00a0\u00a0\u00a0\u00a0\u00a0\u00a0\u00a0\u00a0 Conta com departamento odontol\u00f3gico ampliado para associados e contribuintes da nossa categoria;<\/p><p>\u00b7\u00a0\u00a0\u00a0\u00a0\u00a0\u00a0\u00a0\u00a0\u00a0Intercanbio com as entidades de n\u00edvel nacional e estadual.<\/p><p>Hoje filiado.\u00a0FETICOM-MG, CONTRICOM\u00a0E\u00a0FOR\u00c7A SINICAL<\/p><p>\u00b7\u00a0\u00a0\u00a0\u00a0\u00a0\u00a0\u00a0\u00a0\u00a0Assessoria jur\u00eddica composta de\u00a0varios advogados em escrit\u00f3rio fora da sede do Sindicato<\/p><p>\u00b7\u00a0\u00a0\u00a0\u00a0\u00a0\u00a0\u00a0\u00a0 Nas subsedes\u00a0e assessoria jur\u00eddica para atendimento aos trabalhadores que l\u00e1 procuram;<\/p><p>\u00b7\u00a0\u00a0\u00a0\u00a0\u00a0\u00a0\u00a0\u00a0 Tr\u00eas diretores licenciados para cuidar dos interesses dos trabalhadores, sempre orientando e fiscalizando;<\/p><p>\u00b7\u00a0\u00a0\u00a0\u00a0\u00a0\u00a0\u00a0\u00a0\u00a0Com isso temos 02 (dois) tipos de contribui\u00e7\u00e3o para sustentar e manter os servi\u00e7os prestados \u00e0 Categoria Representada; Conv\u00eanios m\u00e9dicos e odontol\u00f3gicos<\/p>\t\t\t\t\t\t\t\t<\/div>\n\t\t\t\t<\/div>\n\t\t\t\t\t<\/div>\n\t\t<\/div>\n\t\t\t\t\t<\/div>\n\t\t<\/section>\n\t\t\t\t<\/div>\n\t\t","protected":false},"excerpt":{"rendered":"<p>\u201cDo rio que tudo arrasta dizem violento,mas nada falam das margens que o comprimem!\u201d O SINTICOM-TAP \u2013 SINDICATO DOS TRABALHADORESNAS IND\u00daSTRIAS DA CONSTRU\u00c7\u00c3O E DO MOBILI\u00c1RIO DE UBERL\u00c2NDIA TRI\u00c2NGULO MINEIRO E ALTO PARANA\u00cdBA, com sede e Foro na cidade de Uberl\u00e2ndia, Estado de Minas Gerais na Rua M\u00e9xico n\u00ba 77, foi constitu\u00eddo conforme estabelece a &#8230; <a title=\"Hist\u00f3rico\" class=\"read-more\" href=\"https:\/\/www.sinticom-tap.com.br\/portal\/o-sindicato\/hitorico\/\" aria-label=\"More on Hist\u00f3rico\">Ler mais<\/a><\/p>\n","protected":false},"author":1,"featured_media":0,"parent":4605,"menu_order":0,"comment_status":"closed","ping_status":"closed","template":"","meta":{"footnotes":""},"class_list":["post-4606","page","type-page","status-publish"],"yoast_head":"<!-- This site is optimized with the Yoast SEO plugin v25.9 - https:\/\/yoast.com\/wordpress\/plugins\/seo\/ -->\n<title>Hist\u00f3rico - Sinticom-TAP<\/title>\n<meta name=\"robots\" content=\"index, follow, max-snippet:-1, max-image-preview:large, max-video-preview:-1\" \/>\n<link rel=\"canonical\" href=\"https:\/\/www.sinticom-tap.com.br\/portal\/o-sindicato\/hitorico\/\" \/>\n<meta property=\"og:locale\" content=\"pt_BR\" \/>\n<meta property=\"og:type\" content=\"article\" \/>\n<meta property=\"og:title\" content=\"Hist\u00f3rico - Sinticom-TAP\" \/>\n<meta property=\"og:description\" content=\"\u201cDo rio que tudo arrasta dizem violento,mas nada falam das margens que o comprimem!\u201d O SINTICOM-TAP \u2013 SINDICATO DOS TRABALHADORESNAS IND\u00daSTRIAS DA CONSTRU\u00c7\u00c3O E DO MOBILI\u00c1RIO DE UBERL\u00c2NDIA TRI\u00c2NGULO MINEIRO E ALTO PARANA\u00cdBA, com sede e Foro na cidade de Uberl\u00e2ndia, Estado de Minas Gerais na Rua M\u00e9xico n\u00ba 77, foi constitu\u00eddo conforme estabelece a ... Ler mais\" \/>\n<meta property=\"og:url\" content=\"https:\/\/www.sinticom-tap.com.br\/portal\/o-sindicato\/hitorico\/\" \/>\n<meta property=\"og:site_name\" content=\"Sinticom-TAP\" \/>\n<meta property=\"article:modified_time\" content=\"2023-09-07T22:26:22+00:00\" \/>\n<meta property=\"og:image\" content=\"https:\/\/www.sinticom-tap.com.br\/portal\/wp-content\/uploads\/2023\/09\/Sinticom-tap.jpg\" \/>\n\t<meta property=\"og:image:width\" content=\"1920\" \/>\n\t<meta property=\"og:image:height\" content=\"1080\" \/>\n\t<meta property=\"og:image:type\" content=\"image\/jpeg\" \/>\n<meta name=\"twitter:card\" content=\"summary_large_image\" \/>\n<meta name=\"twitter:label1\" content=\"Est. tempo de leitura\" \/>\n\t<meta name=\"twitter:data1\" content=\"6 minutos\" \/>\n<script type=\"application\/ld+json\" class=\"yoast-schema-graph\">{\"@context\":\"https:\/\/schema.org\",\"@graph\":[{\"@type\":\"WebPage\",\"@id\":\"https:\/\/www.sinticom-tap.com.br\/portal\/o-sindicato\/hitorico\/\",\"url\":\"https:\/\/www.sinticom-tap.com.br\/portal\/o-sindicato\/hitorico\/\",\"name\":\"Hist\u00f3rico - Sinticom-TAP\",\"isPartOf\":{\"@id\":\"https:\/\/www.sinticom-tap.com.br\/portal\/#website\"},\"primaryImageOfPage\":{\"@id\":\"https:\/\/www.sinticom-tap.com.br\/portal\/o-sindicato\/hitorico\/#primaryimage\"},\"image\":{\"@id\":\"https:\/\/www.sinticom-tap.com.br\/portal\/o-sindicato\/hitorico\/#primaryimage\"},\"thumbnailUrl\":\"https:\/\/www.sinticom-tap.com.br\/portal\/wp-content\/uploads\/2023\/09\/Sinticom-tap-1024x576.jpg\",\"datePublished\":\"2012-01-31T14:53:38+00:00\",\"dateModified\":\"2023-09-07T22:26:22+00:00\",\"breadcrumb\":{\"@id\":\"https:\/\/www.sinticom-tap.com.br\/portal\/o-sindicato\/hitorico\/#breadcrumb\"},\"inLanguage\":\"pt-BR\",\"potentialAction\":[{\"@type\":\"ReadAction\",\"target\":[\"https:\/\/www.sinticom-tap.com.br\/portal\/o-sindicato\/hitorico\/\"]}]},{\"@type\":\"ImageObject\",\"inLanguage\":\"pt-BR\",\"@id\":\"https:\/\/www.sinticom-tap.com.br\/portal\/o-sindicato\/hitorico\/#primaryimage\",\"url\":\"https:\/\/www.sinticom-tap.com.br\/portal\/wp-content\/uploads\/2023\/09\/Sinticom-tap.jpg\",\"contentUrl\":\"https:\/\/www.sinticom-tap.com.br\/portal\/wp-content\/uploads\/2023\/09\/Sinticom-tap.jpg\",\"width\":1920,\"height\":1080},{\"@type\":\"BreadcrumbList\",\"@id\":\"https:\/\/www.sinticom-tap.com.br\/portal\/o-sindicato\/hitorico\/#breadcrumb\",\"itemListElement\":[{\"@type\":\"ListItem\",\"position\":1,\"name\":\"In\u00edcio\",\"item\":\"https:\/\/www.sinticom-tap.com.br\/portal\/\"},{\"@type\":\"ListItem\",\"position\":2,\"name\":\"O Sindicato\",\"item\":\"https:\/\/www.sinticom-tap.com.br\/portal\/o-sindicato\/\"},{\"@type\":\"ListItem\",\"position\":3,\"name\":\"Hist\u00f3rico\"}]},{\"@type\":\"WebSite\",\"@id\":\"https:\/\/www.sinticom-tap.com.br\/portal\/#website\",\"url\":\"https:\/\/www.sinticom-tap.com.br\/portal\/\",\"name\":\"Sinticom-TAP\",\"description\":\"Sinticom-TAP\",\"potentialAction\":[{\"@type\":\"SearchAction\",\"target\":{\"@type\":\"EntryPoint\",\"urlTemplate\":\"https:\/\/www.sinticom-tap.com.br\/portal\/?s={search_term_string}\"},\"query-input\":{\"@type\":\"PropertyValueSpecification\",\"valueRequired\":true,\"valueName\":\"search_term_string\"}}],\"inLanguage\":\"pt-BR\"}]}<\/script>\n<!-- \/ Yoast SEO plugin. -->","yoast_head_json":{"title":"Hist\u00f3rico - Sinticom-TAP","robots":{"index":"index","follow":"follow","max-snippet":"max-snippet:-1","max-image-preview":"max-image-preview:large","max-video-preview":"max-video-preview:-1"},"canonical":"https:\/\/www.sinticom-tap.com.br\/portal\/o-sindicato\/hitorico\/","og_locale":"pt_BR","og_type":"article","og_title":"Hist\u00f3rico - Sinticom-TAP","og_description":"\u201cDo rio que tudo arrasta dizem violento,mas nada falam das margens que o comprimem!\u201d O SINTICOM-TAP \u2013 SINDICATO DOS TRABALHADORESNAS IND\u00daSTRIAS DA CONSTRU\u00c7\u00c3O E DO MOBILI\u00c1RIO DE UBERL\u00c2NDIA TRI\u00c2NGULO MINEIRO E ALTO PARANA\u00cdBA, com sede e Foro na cidade de Uberl\u00e2ndia, Estado de Minas Gerais na Rua M\u00e9xico n\u00ba 77, foi constitu\u00eddo conforme estabelece a ... Ler mais","og_url":"https:\/\/www.sinticom-tap.com.br\/portal\/o-sindicato\/hitorico\/","og_site_name":"Sinticom-TAP","article_modified_time":"2023-09-07T22:26:22+00:00","og_image":[{"width":1920,"height":1080,"url":"https:\/\/www.sinticom-tap.com.br\/portal\/wp-content\/uploads\/2023\/09\/Sinticom-tap.jpg","type":"image\/jpeg"}],"twitter_card":"summary_large_image","twitter_misc":{"Est. tempo de leitura":"6 minutos"},"schema":{"@context":"https:\/\/schema.org","@graph":[{"@type":"WebPage","@id":"https:\/\/www.sinticom-tap.com.br\/portal\/o-sindicato\/hitorico\/","url":"https:\/\/www.sinticom-tap.com.br\/portal\/o-sindicato\/hitorico\/","name":"Hist\u00f3rico - Sinticom-TAP","isPartOf":{"@id":"https:\/\/www.sinticom-tap.com.br\/portal\/#website"},"primaryImageOfPage":{"@id":"https:\/\/www.sinticom-tap.com.br\/portal\/o-sindicato\/hitorico\/#primaryimage"},"image":{"@id":"https:\/\/www.sinticom-tap.com.br\/portal\/o-sindicato\/hitorico\/#primaryimage"},"thumbnailUrl":"https:\/\/www.sinticom-tap.com.br\/portal\/wp-content\/uploads\/2023\/09\/Sinticom-tap-1024x576.jpg","datePublished":"2012-01-31T14:53:38+00:00","dateModified":"2023-09-07T22:26:22+00:00","breadcrumb":{"@id":"https:\/\/www.sinticom-tap.com.br\/portal\/o-sindicato\/hitorico\/#breadcrumb"},"inLanguage":"pt-BR","potentialAction":[{"@type":"ReadAction","target":["https:\/\/www.sinticom-tap.com.br\/portal\/o-sindicato\/hitorico\/"]}]},{"@type":"ImageObject","inLanguage":"pt-BR","@id":"https:\/\/www.sinticom-tap.com.br\/portal\/o-sindicato\/hitorico\/#primaryimage","url":"https:\/\/www.sinticom-tap.com.br\/portal\/wp-content\/uploads\/2023\/09\/Sinticom-tap.jpg","contentUrl":"https:\/\/www.sinticom-tap.com.br\/portal\/wp-content\/uploads\/2023\/09\/Sinticom-tap.jpg","width":1920,"height":1080},{"@type":"BreadcrumbList","@id":"https:\/\/www.sinticom-tap.com.br\/portal\/o-sindicato\/hitorico\/#breadcrumb","itemListElement":[{"@type":"ListItem","position":1,"name":"In\u00edcio","item":"https:\/\/www.sinticom-tap.com.br\/portal\/"},{"@type":"ListItem","position":2,"name":"O Sindicato","item":"https:\/\/www.sinticom-tap.com.br\/portal\/o-sindicato\/"},{"@type":"ListItem","position":3,"name":"Hist\u00f3rico"}]},{"@type":"WebSite","@id":"https:\/\/www.sinticom-tap.com.br\/portal\/#website","url":"https:\/\/www.sinticom-tap.com.br\/portal\/","name":"Sinticom-TAP","description":"Sinticom-TAP","potentialAction":[{"@type":"SearchAction","target":{"@type":"EntryPoint","urlTemplate":"https:\/\/www.sinticom-tap.com.br\/portal\/?s={search_term_string}"},"query-input":{"@type":"PropertyValueSpecification","valueRequired":true,"valueName":"search_term_string"}}],"inLanguage":"pt-BR"}]}},"_links":{"self":[{"href":"https:\/\/www.sinticom-tap.com.br\/portal\/wp-json\/wp\/v2\/pages\/4606","targetHints":{"allow":["GET"]}}],"collection":[{"href":"https:\/\/www.sinticom-tap.com.br\/portal\/wp-json\/wp\/v2\/pages"}],"about":[{"href":"https:\/\/www.sinticom-tap.com.br\/portal\/wp-json\/wp\/v2\/types\/page"}],"author":[{"embeddable":true,"href":"https:\/\/www.sinticom-tap.com.br\/portal\/wp-json\/wp\/v2\/users\/1"}],"replies":[{"embeddable":true,"href":"https:\/\/www.sinticom-tap.com.br\/portal\/wp-json\/wp\/v2\/comments?post=4606"}],"version-history":[{"count":6,"href":"https:\/\/www.sinticom-tap.com.br\/portal\/wp-json\/wp\/v2\/pages\/4606\/revisions"}],"predecessor-version":[{"id":5923,"href":"https:\/\/www.sinticom-tap.com.br\/portal\/wp-json\/wp\/v2\/pages\/4606\/revisions\/5923"}],"up":[{"embeddable":true,"href":"https:\/\/www.sinticom-tap.com.br\/portal\/wp-json\/wp\/v2\/pages\/4605"}],"wp:attachment":[{"href":"https:\/\/www.sinticom-tap.com.br\/portal\/wp-json\/wp\/v2\/media?parent=4606"}],"curies":[{"name":"wp","href":"https:\/\/api.w.org\/{rel}","templated":true}]}}